{"id":8264,"date":"2019-05-09T16:20:01","date_gmt":"2019-05-09T16:20:01","guid":{"rendered":"https:\/\/web.sistemasfce.com.ar\/wordpress\/?page_id=8264"},"modified":"2026-02-11T17:11:43","modified_gmt":"2026-02-11T20:11:43","slug":"inscripcion-a-la-facultad","status":"publish","type":"page","link":"https:\/\/web.sistemasfce.com.ar\/wordpress\/index.php\/alumnos-2\/inscripcion-a-la-facultad\/","title":{"rendered":"Inscripci\u00f3n de Alumnos"},"content":{"rendered":"<div class=\"wpb-content-wrapper\"><div id=\"modal-ready\"><p>[vc_row][vc_column][vc_column_text css=&#8221;&#8221;]<\/p>\n<p style=\"text-align: center;\"><span style=\"font-size: 18pt; color: #800080;\"><strong>Pre-Inscripci\u00f3n al Ciclo Lectivo 2026\u00a0<\/strong><\/span><\/p>\n<p style=\"text-align: justify;\"><span style=\"color: #000000;\">Se encuentra habilitado el formulario de pre-inscripci\u00f3n para ingresar a la Facultad de Ciencias Econ\u00f3micas desde el d\u00eda 01 de Noviembre 2025 hasta el 28 de Febrero 2026, los interesados deben pre-inscribirse eligiendo la\/s carrera\/s y completando con sus datos personales el formulario que se encuentra en el Sitio Web de la Universidad Nacional de la Patagonia San Juan Bosco (<a style=\"color: #000000;\" href=\"http:\/\/www.unp.edu.ar\/\" target=\"_blank\" rel=\"noopener\">www.unp.edu.ar<\/a>) o bien ingresar en el siguiente enlace:<\/span><\/p>\n<div><\/div>\n<div><\/div>\n<p>[\/vc_column_text][\/vc_column][\/vc_row][vc_row][vc_column][vc_btn title=&#8221;Formulario de Pre-Inscripci\u00f3n&#8221; style=&#8221;3d&#8221; color=&#8221;purple&#8221; size=&#8221;lg&#8221; align=&#8221;center&#8221; i_type=&#8221;monosocial&#8221; i_icon_monosocial=&#8221;vc-mono vc-mono-stackoverflow&#8221; css_animation=&#8221;none&#8221; add_icon=&#8221;true&#8221; link=&#8221;url:https%3A%2F%2Finfoweb.unp.edu.ar%2Fdgp%2Fsea%2Faplicacion.php%3Fah%3Dst542ed20a8d312%26ai%3Dsea%7C%7C280000063%26tm%3D1|title:Formulario%20de%20Pre-Inscripci%C3%B3n|target:%20_blank|&#8221;][\/vc_column][\/vc_row][vc_row][vc_column][vc_column_text css=&#8221;&#8221;]<\/p>\n<p>&nbsp;<\/p>\n<p style=\"text-align: justify;\"><span style=\"color: #000000;\">La Facultad dictar\u00e1 en el mes de Febrero 2026 (fecha a confirmar), los Talleres de \u201c<strong>Socializaci\u00f3n, Alfabetizaci\u00f3n y Nivelaci\u00f3n Universitaria<\/strong>\u201d.\u00a0<\/span><\/p>\n<p style=\"text-align: justify;\"><span lang=\"ES\"><span style=\"color: #000000;\">Nuestra Facultad cuenta con un<\/span>\u00a0<\/span><a href=\"https:\/\/aulas.sistemasfce.com.ar\/moodle\/course\/index.php?categoryid=82\" target=\"_blank\" rel=\"noopener\" data-saferedirecturl=\"https:\/\/www.google.com\/url?q=https:\/\/aulas.sistemasfce.com.ar\/moodle\/course\/index.php?categoryid%3D82&amp;source=gmail&amp;ust=1731929699042000&amp;usg=AOvVaw3K0nKWkJK1lRuj40HdR4YW\"><span lang=\"ES\">Campus Virtual de la FCE<\/span><\/a><span lang=\"ES\"> <span style=\"color: #000000;\">donde est\u00e1n las aulas virtuales de los talleres mencionados. Una vez que completes el formulario de pre-inscripci\u00f3n, recibir\u00e1s en tu correo electr\u00f3nico personal, el usuario y la contrase\u00f1a para acceder al Campus Virtual y desde all\u00ed a las aulas virtuales <span lang=\"ES\" style=\"color: #000000;\">(una por cada taller)<\/span> con los contenidos\u00a0<\/span><\/span><span lang=\"ES\" style=\"color: #000000;\">con materiales y actividades relacionadas a la tem\u00e1tica.\u00a0<\/span><\/p>\n<p style=\"text-align: justify;\"><span lang=\"ES\" style=\"color: #000000;\">Una vez que accedas al contenido, podr\u00e1s ir leyendo el material, viendo videos, descargando documentos y realizando las actividades propuestas, esto te permitir\u00e1 adelantar lecturas y actividades para las instancias presenciales.\u00a0<\/span><\/p>\n<p><span style=\"color: #000000;\">\u00a0<\/span>[\/vc_column_text][vc_column_text css=&#8221;&#8221;][\/vc_column_text][vc_tta_tabs style=&#8221;modern&#8221; color=&#8221;sky&#8221; spacing=&#8221;4&#8243; gap=&#8221;4&#8243; alignment=&#8221;center&#8221; active_section=&#8221;1&#8243; title=&#8221;Cronograma de Talleres Presenciales por Sede&#8221;][vc_tta_section title=&#8221;TRELEW \/ Pto. MADRYN&#8221; tab_id=&#8221;1639591575677-ccafa98e-262c&#8221;][vc_column_text css=&#8221;&#8221;]<\/p>\n<div>\n<p><strong>CRONOGRAMA TALLER ASPIRANTES INGRESO CICLO LECTIVO 2026<\/strong><\/p>\n<p><strong>SEDE TRELEW \u2013 Edificio de aulas Delegaci\u00f3n Zonal Trelew \u2013 AULA 24\/25<\/strong><\/p>\n<\/div>\n<div>\n<table style=\"height: 582px; width: 81.4344%; border-style: solid; border-color: #a487fa;\">\n<tbody>\n<tr style=\"height: 24px;\">\n<td style=\"width: 14.8936%; background-color: #c4aee8; height: 24px;\"><strong>DIA<\/strong><\/td>\n<td style=\"width: 51.9839%; background-color: #c4aee8; height: 24px;\"><strong>HORARIO<\/strong><\/td>\n<td style=\"width: 92.508%; background-color: #c4aee8; height: 24px;\"><strong>TEMAS<\/strong><\/td>\n<\/tr>\n<tr style=\"height: 96px;\">\n<td style=\"width: 14.8936%; height: 81px;\"><strong>18\/02\/25<\/strong><\/td>\n<td style=\"width: 51.9839%; height: 81px;\"><strong>Lunes, Miercoles y Viernes de\u00a0\u00a0\u00a0\u00a0\u00a0 18 A 20 HS<\/strong><\/td>\n<td style=\"width: 92.508%; height: 81px;\"><strong>INICIO CLASES DE ASIGNATURA:<\/strong><\/p>\n<p><strong>\u00a0CONTABILIDAD I<\/strong><\/td>\n<\/tr>\n<tr style=\"height: 80px;\">\n<td style=\"width: 14.8936%; height: 69px;\"><strong>02\/02\/26<\/strong><\/td>\n<td style=\"width: 51.9839%; height: 69px;\"><strong>\u00a0<\/strong><\/td>\n<td style=\"width: 92.508%; height: 69px;\"><strong>TALLER DE MATEMATICA: ser\u00e1 VIRTUAL<\/strong><strong>\u00a0<\/strong><\/td>\n<\/tr>\n<tr style=\"height: 96px;\">\n<td style=\"width: 14.8936%; height: 96px;\"><strong>23\/02\/26<\/strong><\/td>\n<td style=\"width: 51.9839%; height: 96px;\"><strong>10 a 12 Hs \u00f3 15 a 17 Hs<\/strong><\/td>\n<td style=\"width: 92.508%; height: 96px;\">Sistema alumnos SIU GUARANI<\/p>\n<p>Reglamento General de la Actividad Acad\u00e9mica<\/td>\n<\/tr>\n<tr style=\"height: 136px;\">\n<td style=\"width: 14.8936%; height: 136px;\"><strong>24\/02\/26<\/strong><\/td>\n<td style=\"width: 51.9839%; height: 136px;\"><strong>10 a 12 Hs \u00f3 15 a 17 Hs<\/strong><\/td>\n<td style=\"width: 92.508%; height: 136px;\">Aula Moodle<\/p>\n<p>Centro de Estudiantes<\/p>\n<p>T\u00e9cnicas de Estudios &#8211; DOE<\/td>\n<\/tr>\n<tr style=\"height: 48px;\">\n<td style=\"width: 14.8936%; height: 48px;\"><strong>25\/02\/26<\/strong><\/td>\n<td style=\"width: 51.9839%; height: 48px;\"><strong>10 a 11:30 Hs \u00f3 15 a 16:30 Hs<\/strong><\/td>\n<td style=\"width: 92.508%; height: 48px;\">Visita guiada Biblioteca UNPSJB \u201cGabriel A. Puentes\u201d \u2013 Sede Trelew<\/td>\n<\/tr>\n<tr style=\"height: 48px;\">\n<td style=\"width: 14.8936%; height: 48px;\"><strong>26\/02\/26<\/strong><\/td>\n<td style=\"width: 51.9839%; height: 48px;\"><strong>11:30 a 13 Hs \u00f3 16:30 a 18:00 Hs<\/strong><\/td>\n<td style=\"width: 92.508%; height: 48px;\">T\u00e9cnicas de Estudios \u2013 Dir. orientaci\u00f3n del Estudiante<\/td>\n<\/tr>\n<tr style=\"height: 80px;\">\n<td style=\"width: 14.8936%; height: 80px;\"><strong>27\/02\/26<\/strong><\/td>\n<td style=\"width: 51.9839%; height: 80px;\"><strong>10 a 12 Hs \u00f3 15 a 17 Hs<\/strong><\/td>\n<td style=\"width: 92.508%; height: 80px;\">\u00c1rea Contable, Administraci\u00f3n y Econom\u00eda<\/td>\n<\/tr>\n<\/tbody>\n<\/table>\n<\/div>\n<div><\/div>\n<div><\/div>\n<div><\/div>\n<div><\/div>\n<div><span style=\"color: #000000;\"><strong>SEDE TRELEW<\/strong><\/span><\/div>\n<ul>\n<li><span style=\"color: #000000;\"><em><span style=\"text-decoration: underline;\">Horarios de Atenci\u00f3n<\/span><\/em>: Lunes a Viernes en el horario de 10 a 16 hs.<\/span><\/li>\n<li><span style=\"color: #000000;\"><em><span style=\"text-decoration: underline;\">Direcci\u00f3n<\/span><\/em>: San Mart\u00edn 407\/421, Trelew, Chubut<\/span><\/li>\n<li><span style=\"color: #000000;\"><em><span style=\"text-decoration: underline;\">Tel<\/span><\/em>: (0280) 4423084 \/ Cel. 02804351220 (solo llamadas)<\/span><\/li>\n<li><span style=\"color: #000000;\"><em>E-Mai<\/em>l:<\/span> <a href=\"mailto:alumnostw@economicasunp.edu.ar\">alumnostw@economicasunp.edu.ar<\/a><\/li>\n<\/ul>\n<p>[\/vc_column_text][\/vc_tta_section][vc_tta_section title=&#8221;COMODORO RIVADAVIA&#8221; tab_id=&#8221;1639591575678-f32668bc-735f&#8221;][vc_column_text css=&#8221;&#8221;]<\/p>\n<div><strong>CRONOGRAMA TALLER ASPIRANTES INGRESO CICLO LECTIVO 2026<\/strong><\/div>\n<div><strong>Delegaci\u00f3n Acad\u00e9mica Comodoro Rivadavia<\/strong><\/div>\n<div><\/div>\n<div>\n<table style=\"height: 649px; width: 65.7794%; border-style: solid; border-color: #b6c2e3;\" width=\"65.7794%\">\n<thead>\n<tr style=\"border-style: solid; border-color: #8179c9; background-color: #a8a4de; height: 48px;\">\n<th style=\"border-style: solid; border-color: #747eb8; width: 16.2195%; height: 48px; text-align: center;\">DIA DEL TALLER<\/th>\n<th style=\"border-style: solid; border-color: #747eb8; width: 17.9268%; height: 48px; text-align: center;\">HORARIO<\/th>\n<th style=\"border-style: solid; border-color: #747eb8; width: 48.4146%; height: 48px; text-align: center;\">ACTIVIDAD<\/th>\n<th style=\"border-style: solid; border-color: #747eb8; width: 20.7317%; height: 48px; text-align: center;\">AULA<\/th>\n<\/tr>\n<\/thead>\n<tbody>\n<tr style=\"height: 34px;\">\n<th style=\"border-style: solid; border-color: #747eb8; width: 16.2195%; height: 34px;\">18\/02\/2026<\/th>\n<th style=\"border-style: solid; border-color: #747eb8; width: 17.9268%; height: 34px;\">11 a 12:00 horas<\/th>\n<th style=\"border-style: solid; border-color: #747eb8; width: 48.4146%; height: 34px;\">Dpto. ALUMNOS-SIU GUARANI<\/th>\n<th style=\"border-style: solid; border-color: #747eb8; width: 20.7317%; height: 34px;\">AULA MAGNA<\/th>\n<\/tr>\n<tr style=\"height: 34px;\">\n<th style=\"border-style: solid; border-color: #747eb8; width: 16.2195%; height: 34px;\">18\/02\/2026<\/th>\n<th style=\"border-style: solid; border-color: #747eb8; width: 17.9268%; height: 34px;\">12 a 13:00 horas<\/th>\n<th style=\"border-style: solid; border-color: #747eb8; width: 48.4146%; height: 34px;\">AULAS VIRTUALES<\/th>\n<th style=\"border-style: solid; border-color: #747eb8; width: 20.7317%; height: 34px;\"><span style=\"font-family: georgia, palatino, serif; font-size: 14px; color: #000000;\">AULA MAGNA<\/span><\/th>\n<\/tr>\n<tr style=\"height: 34px;\">\n<th style=\"border-style: solid; border-color: #747eb8; width: 16.2195%; height: 34px;\"><span style=\"font-family: georgia, palatino, serif; font-size: 14px; color: #000000;\">18\/02\/2026<\/span><\/th>\n<th style=\"border-style: solid; border-color: #747eb8; width: 17.9268%; height: 34px;\"><span style=\"font-family: georgia, palatino, serif; font-size: 14px; color: #000000;\">13 a 14:00 horas<\/span><\/th>\n<th style=\"border-style: solid; border-color: #747eb8; width: 48.4146%; height: 34px;\"><span style=\"font-family: georgia, palatino, serif; font-size: 14px; color: #000000;\">CENTRO DE ESTUDIANTES DE LA FCE<\/span><\/th>\n<th style=\"border-style: solid; border-color: #747eb8; width: 20.7317%; height: 34px;\"><span style=\"font-family: georgia, palatino, serif; font-size: 14px; color: #000000;\">AULA MAGNA<\/span><\/th>\n<\/tr>\n<tr style=\"height: 99px;\">\n<th style=\"border-style: solid; border-color: #747eb8; width: 16.2195%; height: 99px;\"><span style=\"font-family: georgia, palatino, serif; font-size: 14px; color: #000000;\">19\/02\/2026<\/span><\/th>\n<th style=\"border-style: solid; border-color: #747eb8; width: 17.9268%; height: 99px;\"><span style=\"font-family: georgia, palatino, serif; font-size: 14px; color: #000000;\">10 a 13:00 Horas<\/span><\/th>\n<th style=\"border-style: solid; border-color: #747eb8; width: 48.4146%; height: 99px;\"><span style=\"font-family: georgia, palatino, serif; font-size: 14px; color: #000000;\">DIRECCION DE ORIENTACION EDUCATIVA\u201cMi ingreso a la UNI: \u00bfC\u00f3mo estoy?\u00bfQu\u00e9 necesito?\u201d<\/span><\/th>\n<th style=\"border-style: solid; border-color: #747eb8; width: 20.7317%; height: 99px;\"><span style=\"font-family: georgia, palatino, serif; font-size: 14px; color: #000000;\">AULA MAGNA<\/span><\/th>\n<\/tr>\n<tr style=\"height: 34px;\">\n<th style=\"border-style: solid; border-color: #747eb8; width: 16.2195%; height: 34px;\"><span style=\"font-family: georgia, palatino, serif; font-size: 14px; color: #000000;\">20\/02\/2026<\/span><\/th>\n<th style=\"border-style: solid; border-color: #747eb8; width: 17.9268%; height: 34px;\"><span style=\"font-family: georgia, palatino, serif; font-size: 14px; color: #000000;\">9 A 10:00 Horas<\/span><\/th>\n<th style=\"border-style: solid; border-color: #747eb8; width: 48.4146%; height: 34px;\"><span style=\"font-family: georgia, palatino, serif; font-size: 14px; color: #000000;\">BIBLIOTECA<\/span><\/th>\n<th style=\"border-style: solid; border-color: #747eb8; width: 20.7317%; height: 34px;\"><span style=\"font-family: georgia, palatino, serif; font-size: 14px; color: #000000;\">AULA MAGNA<\/span><\/th>\n<\/tr>\n<tr style=\"height: 34px;\">\n<th style=\"border-style: solid; border-color: #747eb8; width: 16.2195%; height: 34px;\"><span style=\"font-family: georgia, palatino, serif; font-size: 14px; color: #000000;\">20\/02\/2026<\/span><\/th>\n<th style=\"border-style: solid; border-color: #747eb8; width: 17.9268%; height: 34px;\"><span style=\"font-family: georgia, palatino, serif; font-size: 14px; color: #000000;\">10 A 11:00 Horas<\/span><\/th>\n<th style=\"border-style: solid; border-color: #747eb8; width: 48.4146%; height: 34px;\"><span style=\"font-family: georgia, palatino, serif; font-size: 14px; color: #000000;\">SEGURIDAD E HIGIENE<\/span><\/th>\n<th style=\"border-style: solid; border-color: #747eb8; width: 20.7317%; height: 34px;\"><span style=\"font-family: georgia, palatino, serif; font-size: 14px; color: #000000;\">AULA MAGNA<\/span><\/th>\n<\/tr>\n<tr style=\"height: 34px;\">\n<th style=\"border-style: solid; border-color: #747eb8; width: 16.2195%; height: 34px;\"><span style=\"font-family: georgia, palatino, serif; font-size: 14px; color: #000000;\">20\/02\/2026<\/span><\/th>\n<th style=\"border-style: solid; border-color: #747eb8; width: 17.9268%; height: 34px;\"><span style=\"font-family: georgia, palatino, serif; font-size: 14px; color: #000000;\">11 A 12:00 Horas<\/span><\/th>\n<th style=\"border-style: solid; border-color: #747eb8; width: 48.4146%; height: 34px;\"><span style=\"font-family: georgia, palatino, serif; font-size: 14px; color: #000000;\">BIENESTAR ESTUDIANTIL-BECAS<\/span><\/th>\n<th style=\"border-style: solid; border-color: #747eb8; width: 20.7317%; height: 34px;\"><span style=\"font-family: georgia, palatino, serif; font-size: 14px; color: #000000;\">AULA MAGNA<\/span><\/th>\n<\/tr>\n<tr style=\"height: 66px;\">\n<th style=\"border-style: solid; border-color: #747eb8; width: 16.2195%; height: 66px;\"><\/th>\n<th style=\"border-style: solid; border-color: #747eb8; width: 17.9268%; height: 66px;\"><\/th>\n<th style=\"border-style: solid; border-color: #747eb8; width: 48.4146%; height: 66px;\"><span style=\"font-family: georgia, palatino, serif; font-size: 14px; color: #000000;\">TALLER CONTABILIDAD PREUNIVERSITARIO<\/span><\/th>\n<th style=\"border-style: solid; border-color: #747eb8; width: 20.7317%; height: 66px;\"><\/th>\n<\/tr>\n<tr style=\"height: 66px;\">\n<th style=\"border-style: solid; border-color: #747eb8; width: 16.2195%; height: 66px;\"><span style=\"font-family: georgia, palatino, serif; font-size: 14px; color: #000000;\">24\/02\/2026<\/span><\/th>\n<th style=\"border-style: solid; border-color: #747eb8; width: 17.9268%; height: 66px;\"><span style=\"font-family: georgia, palatino, serif; font-size: 14px; color: #000000;\">17 A 19:00 horas<\/span><\/th>\n<th style=\"border-style: solid; border-color: #747eb8; width: 48.4146%; height: 66px;\"><span style=\"font-family: georgia, palatino, serif; font-size: 14px; color: #000000;\">SOLO ALUMNOS CARRERA CONTADOR PUBLICO<\/span><\/th>\n<th style=\"border-style: solid; border-color: #747eb8; width: 20.7317%; height: 66px;\"><span style=\"font-family: georgia, palatino, serif; font-size: 14px; color: #000000;\">AULA MAGNA<\/span><\/th>\n<\/tr>\n<tr style=\"height: 66px;\">\n<th style=\"border-style: solid; border-color: #747eb8; width: 16.2195%; height: 66px;\"><\/th>\n<th style=\"border-style: solid; border-color: #747eb8; width: 17.9268%; height: 66px;\"><\/th>\n<th style=\"border-style: solid; border-color: #747eb8; width: 48.4146%; height: 66px;\"><span style=\"font-family: georgia, palatino, serif; font-size: 14px; color: #000000;\">TALLER CONTABILIDAD PREUNIVERSITARIO<\/span><\/th>\n<th style=\"border-style: solid; border-color: #747eb8; width: 20.7317%; height: 66px;\"><\/th>\n<\/tr>\n<tr style=\"height: 66px;\">\n<th style=\"border-style: solid; border-color: #747eb8; width: 16.2195%; height: 66px;\"><span style=\"font-family: georgia, palatino, serif; font-size: 14px; color: #000000;\">26\/02\/2026<\/span><\/th>\n<th style=\"border-style: solid; border-color: #747eb8; width: 17.9268%; height: 66px;\"><span style=\"font-family: georgia, palatino, serif; font-size: 14px; color: #000000;\">17 A 19:00 horas<\/span><\/th>\n<th style=\"border-style: solid; border-color: #747eb8; width: 48.4146%; height: 66px;\"><span style=\"font-family: georgia, palatino, serif; font-size: 14px; color: #000000;\">SOLO ALUMNOS CARRERA CONTADOR PUBLICO<\/span><\/th>\n<th style=\"border-style: solid; border-color: #747eb8; width: 20.7317%; height: 66px;\"><span style=\"font-family: georgia, palatino, serif; font-size: 14px; color: #000000;\">AULA MAGNA<\/span><\/th>\n<\/tr>\n<tr style=\"height: 34px;\">\n<th style=\"border-style: solid; border-color: #747eb8; width: 16.2195%; height: 34px;\"><span style=\"font-family: georgia, palatino, serif; font-size: 14px; color: #000000;\">27\/02\/2026<\/span><\/th>\n<th style=\"border-style: solid; border-color: #747eb8; width: 17.9268%; height: 34px;\"><span style=\"font-family: georgia, palatino, serif; font-size: 14px; color: #000000;\">17 A 19:00 horas<\/span><\/th>\n<th style=\"border-style: solid; border-color: #747eb8; width: 48.4146%; height: 34px;\"><span style=\"font-family: georgia, palatino, serif; font-size: 14px; color: #000000;\">AREA PROPEDEUTICA<\/span><\/th>\n<th style=\"border-style: solid; border-color: #747eb8; width: 20.7317%; height: 34px;\"><span style=\"font-family: georgia, palatino, serif; font-size: 14px; color: #000000;\">AULA MAGNA<\/span><\/th>\n<\/tr>\n<\/tbody>\n<\/table>\n<\/div>\n<div><\/div>\n<div>\n<div><span style=\"color: #000000;\"><strong>DELEGACION ACADEMICA COMODORO RIVADAVIA<\/strong><\/span><\/div>\n<ul>\n<li><span style=\"color: #000000;\"><em><span style=\"text-decoration: underline;\">Horarios de Atenci\u00f3n<\/span><\/em>: Lunes a Viernes en el horario de 11 a 15 hs.<\/span><\/li>\n<li><span style=\"color: #000000;\"><em><span style=\"text-decoration: underline;\">Direcci\u00f3n<\/span><\/em><strong>: <\/strong>Ciudad Universitaria KM. 4, Comodoro Rivadavia, Chubut.<\/span><\/li>\n<li><span style=\"color: #000000;\"><em><span style=\"text-decoration: underline;\">Tel.<\/span>:<\/em> (0297) 4550212\u00a0<\/span><\/li>\n<li><span style=\"color: #000000;\"><em><span style=\"text-decoration: underline;\">E-mail<\/span>:<\/em> ingresantesfce.cr@gmail.com<\/span><\/li>\n<\/ul>\n<\/div>\n<p>[\/vc_column_text][\/vc_tta_section][vc_tta_section title=&#8221;ESQUEL&#8221; tab_id=&#8221;1639591848396-aff7a5ed-4b6f&#8221;][vc_column_text css=&#8221;&#8221;]<\/p>\n<div>\n<p><strong>CRONOGRAMA TALLER ASPIRANTES INGRESO CICLO LECTIVO 2026<\/strong><\/p>\n<p><strong>Delegaci\u00f3n Acad\u00e9mica Esquel<\/strong><\/p>\n<table style=\"height: 1268px; width: 71.5808%; border-style: solid; border-color: #050505;\">\n<tbody>\n<tr style=\"height: 56px;\">\n<th style=\"width: 1037.78px; border-style: solid; background-color: #af9edb; height: 56px;\" scope=\"row\">\n<p style=\"text-align: center;\"><strong>MI\u00c9RCOLES 18 DE FEBRERO<\/strong><\/p>\n<\/th>\n<\/tr>\n<tr style=\"height: 175px;\">\n<td style=\"width: 1037.78px; height: 147px;\">14:00 \u2013 15:00 Presentaci\u00f3n Institucional<\/p>\n<p>Palabras de bienvenida a cargo del Delegado de la Facultad. Presentaci\u00f3n del Equipo de Gesti\u00f3n y NoDocentes (Administraci\u00f3n). Video de presentaci\u00f3n. Taller de Socializaci\u00f3n (espacio Proped\u00e9utico), SIU GUARAN\u00cd &#8211; Plataforma Moodle &#8211; Calendario acad\u00e9mico<\/p>\n<p>15:00 \u2013 17:00 Contabilidad<\/td>\n<\/tr>\n<tr style=\"height: 56px;\">\n<th style=\"width: 1037.78px; background-color: #af9edb; border-style: solid; height: 56px;\" scope=\"row\">\n<p style=\"text-align: center;\"><strong>JUEVES 19 DE FEBRERO<\/strong><\/p>\n<\/th>\n<\/tr>\n<tr style=\"height: 136px;\">\n<td style=\"width: 1037.78px; height: 88px;\">15:00 \u2013 16:00 CAMPUS VIRTUAL (Aulas Moodle) &#8211; VIDA UNIVERSITARIA:. Planes de estudio, RGAA.<\/p>\n<p>16:00 \u2013 18:00 Matem\u00e1tica<\/td>\n<\/tr>\n<tr style=\"height: 56px;\">\n<td style=\"width: 1037.78px; background-color: #af9edb; height: 56px;\">\n<p style=\"text-align: center;\"><strong>VIERNES 20 DE FEBRERO<\/strong><\/p>\n<\/td>\n<\/tr>\n<tr style=\"height: 96px;\">\n<td style=\"width: 1037.78px; height: 81px;\">14:00 \u2013 16:00 Contabilidad<\/p>\n<p>16:00 \u2013 17:30 Presentaci\u00f3n del \u00e1rea de INVESTIGACI\u00d3N (Lic. y Prof. Pablo Acciaresi)<\/td>\n<\/tr>\n<tr style=\"height: 56px;\">\n<td style=\"width: 1037.78px; background-color: #af9edb; height: 56px;\">\n<p style=\"text-align: center;\"><strong>LUNES 23 DE FEBRERO<\/strong><\/p>\n<\/td>\n<\/tr>\n<tr style=\"height: 136px;\">\n<td style=\"width: 1037.78px; height: 124px;\">14:00 \u2013 16:00 Contabilidad<\/p>\n<p>16:00 \u2013 17:00 Taller de Econom\u00eda (Lic. Carlos Baroli)<\/p>\n<p>17:00 a 17:30 Presentaci\u00f3n del Centro de Estudiantes.<\/td>\n<\/tr>\n<tr style=\"height: 56px;\">\n<td style=\"width: 1037.78px; background-color: #af9edb; height: 56px;\">\n<p style=\"text-align: center;\"><strong>MARTES 24 DE FEBRERO<\/strong><\/p>\n<\/td>\n<\/tr>\n<tr style=\"height: 120px;\">\n<td style=\"width: 1037.78px; height: 105px;\">14:00 \u2013 16:00 Contabilidad<\/p>\n<p>16:00 \u2013 18:00 Presentaci\u00f3n\/Taller Asesor\u00eda Pedag\u00f3gica y DOE (Direcci\u00f3n de Orientaci\u00f3n Educativa de la UNPSJB)<\/td>\n<\/tr>\n<tr style=\"height: 56px;\">\n<td style=\"width: 1037.78px; background-color: #af9edb; height: 56px;\">\n<p style=\"text-align: center;\"><strong>JUEVES 26 DE FEBRERO<\/strong><\/p>\n<\/td>\n<\/tr>\n<tr style=\"height: 96px;\">\n<td style=\"width: 1037.78px; height: 82px;\">14:00 \u2013 16:00 Presentaci\u00f3n\/Taller Asesor\u00eda Pedag\u00f3gica<\/p>\n<p>16:00 \u2013 18:00 Matem\u00e1tica<\/td>\n<\/tr>\n<tr style=\"height: 56px;\">\n<td style=\"width: 1037.78px; background-color: #af9edb; height: 56px;\">\n<p style=\"text-align: center;\"><strong>VIERNES 27 DE FEBRERO<\/strong><\/p>\n<\/td>\n<\/tr>\n<tr style=\"height: 96px;\">\n<td style=\"width: 1037.78px; height: 96px;\">14:00 &#8211; 15:00 Charla referente Bienestar Estudiantil<\/p>\n<p>15:00 \u2013 16:00 Charla de Biblioteca<\/td>\n<\/tr>\n<\/tbody>\n<\/table>\n<\/div>\n<div><\/div>\n<div><span style=\"font-size: 12pt;\"><strong><span style=\"color: #000000;\">DELEGACION ACADEMICA ESQUEL<\/span><\/strong><\/span><\/div>\n<ul>\n<li><span style=\"color: #000000; font-size: 12pt;\"><em><span style=\"text-decoration: underline;\">Horario de Atenci\u00f3n<\/span><\/em>: Lunes a Viernes de 14 a 19 hs.<\/span><\/li>\n<li><span style=\"color: #000000; font-size: 12pt;\"><em><span style=\"text-decoration: underline;\">Direcci\u00f3n<\/span><\/em>:\u00a0Edificio de Aulas, Campus Universitario \u201cIng. Aldo L\u00f3pez Guidi\u201d, Ruta Nacional N\u00b0 259 km 16,41 (9200) Esquel,\u00a0 Chubut.<\/span><\/li>\n<li><span style=\"color: #000000; font-size: 12pt;\"><em><span style=\"text-decoration: underline;\">Tel<\/span><\/em>: (02945) 450792 \/ Cel. 2945412823<\/span><\/li>\n<li><span style=\"color: #000000; font-size: 12pt;\"><span style=\"text-decoration: underline;\"><em>E<\/em>&#8211;<em>mail<\/em><\/span>: economicas_esquel@yahoo.com<\/span><\/li>\n<\/ul>\n<p>[\/vc_column_text][\/vc_tta_section][\/vc_tta_tabs][vc_column_text css=&#8221;&#8221;]<\/p>\n<p>&nbsp;<\/p>\n<p>[\/vc_column_text][vc_column_text css=&#8221;&#8221;]<\/p>\n<p style=\"text-align: justify;\"><span style=\"font-size: 16px;\"><strong><span style=\"color: #800080; font-family: georgia, palatino, serif;\">Requisitos de ingreso<\/span><\/strong><\/span><\/p>\n<ul style=\"list-style-type: square;\">\n<li><span style=\"color: #000000; font-family: georgia, palatino, serif; font-size: 16px;\">Constancia de pre-inscripci\u00f3n.<\/span><\/li>\n<li><span style=\"color: #000000; font-size: 16px;\">Fotocopia Documento Nacional de Identidad.<\/span><\/li>\n<li><span style=\"color: #000000; font-size: 16px;\">Fotocopia de la Partida\u00a0de\u00a0Nacimiento.<\/span><\/li>\n<li><span style=\"color: #000000; font-family: georgia, palatino, serif; font-size: 16px;\">T\u00edtulo secundario o constancia de t\u00edtulo en tr\u00e1mite. Los t\u00edtulos emitidos en otras provincias antes del a\u00f1o 2010, deben estar LEGALIZADOS POR EL MINISTERIO DEL INTERIOR.-<\/span><\/li>\n<li><span style=\"color: #000000; font-size: 16px;\">Certificado de domicilio extendido por polic\u00eda en caso de no figurar en el DNI el domicilio actual.<\/span><\/li>\n<\/ul>\n<p>&nbsp;<\/p>\n<p style=\"text-align: justify;\"><span style=\"color: #800080; font-family: georgia, palatino, serif; font-size: 16px;\"><strong>Reconocimiento de equivalencias de estudio por pase<\/strong><strong> (Art. 95 del R.G.A.A.)<\/strong> <\/span><\/p>\n<p style=\"text-align: justify;\"><span style=\"font-family: georgia, palatino, serif; font-size: 12pt; color: #000000;\">Para ser admitido, deber\u00e1s tener aprobado como m\u00ednimo el 18% y como m\u00e1ximo el 70% de las asignaturas de tu Plan de Estudio. <\/span><\/p>\n<ul style=\"text-align: justify;\">\n<li><span style=\"font-family: georgia, palatino, serif; font-size: 12pt; color: #000000;\">Certificaci\u00f3n general de folios.<\/span>\n<ul>\n<li><span style=\"font-family: georgia, palatino, serif; font-size: 12pt; color: #000000;\">Certificado Anal\u00edtico Parcial de la Universidad de origen que acredite: <\/span>\n<ul>\n<li><span style=\"font-family: georgia, palatino, serif; font-size: 12pt; color: #000000;\">las asignaturas rendidas con constancia de las fechas de ex\u00e1menes, <\/span><\/li>\n<li><span style=\"color: #000000; font-family: georgia, palatino, serif; font-size: 12pt;\">las calificaciones obtenidas, incluso las insuficientes, Libro, Folio\u00a0<\/span><\/li>\n<li><span style=\"font-family: georgia, palatino, serif; font-size: 12pt; color: #000000;\"> otras actividades acad\u00e9micas cumplidas.\u00a0<\/span><\/li>\n<\/ul>\n<\/li>\n<li><span style=\"font-family: georgia, palatino, serif; font-size: 12pt; color: #000000;\"> Plan de Estudio de la carrera. <\/span><\/li>\n<li><span style=\"font-family: georgia, palatino, serif; font-size: 12pt; color: #000000;\">Certificaci\u00f3n de cancelaci\u00f3n de Matr\u00edcula.<\/span><\/li>\n<li><span style=\"font-family: georgia, palatino, serif; font-size: 12pt; color: #000000;\">Constancia del R\u00e9gimen de Calificaci\u00f3n.<\/span><\/li>\n<li><span style=\"font-family: georgia, palatino, serif; font-size: 12pt; color: #000000;\">Certificaci\u00f3n de no haber sido pasible de Sanciones Disciplinarias. En caso de existencia, cantidad y sus causas.<\/span><\/li>\n<li><span style=\"font-family: georgia, palatino, serif; font-size: 12pt; color: #000000;\">Copia de los programas anal\u00edticos correspondientes a las asignaturas aprobadas, debidamente certificados en su autenticidad y con la constancia de que son aquellos seg\u00fan los cuales rindi\u00f3 examen. <\/span><\/li>\n<li><span style=\"font-family: georgia, palatino, serif; font-size: 12pt; color: #000000;\">Toda la documentaci\u00f3n presentada, solicitada anteriormente, deber\u00e1 ser debidamente foliada en un solo cuerpo \u2013 correlativo y autenticada por las AUTORIDADES o \u00c1rea Legalizaciones de la Universidad de origen. <\/span><\/li>\n<\/ul>\n<\/li>\n<\/ul>\n<p>&nbsp;<\/p>\n<p style=\"text-align: justify;\"><span style=\"color: #800080; font-family: georgia, palatino, serif; font-size: 16px;\"><strong>Universidades extranjeras <\/strong><\/span><\/p>\n<p style=\"text-align: justify;\"><span style=\"font-family: georgia, palatino, serif; font-size: 12pt; color: #000000;\">Si sos un alumno proveniente de una Universidad Extranjera, adem\u00e1s de cumplir con los recaudos establecidos anteriormente y los que pudieran ser aplicables por disposiciones vigentes deber\u00e1s agregar, si sos extranjero: constancia de Radicaci\u00f3n Definitiva o de condici\u00f3n de Residente Temporario, no admitimos la calidad de turista.<\/span><\/p>\n<p>[\/vc_column_text][\/vc_column][\/vc_row]<\/p>\n<\/div><\/div>","protected":false},"excerpt":{"rendered":"<p>[vc_row][vc_column][vc_column_text css=&#8221;&#8221;] Pre-Inscripci\u00f3n al Ciclo Lectivo 2026\u00a0 Se encuentra habilitado el formulario de pre-inscripci\u00f3n para &hellip; <\/p>\n","protected":false},"author":6,"featured_media":0,"parent":8175,"menu_order":0,"comment_status":"closed","ping_status":"closed","template":"","meta":{"pmpro_default_level":"","footnotes":""},"class_list":["post-8264","page","type-page","status-publish","hentry","pmpro-has-access"],"_links":{"self":[{"href":"https:\/\/web.sistemasfce.com.ar\/wordpress\/index.php\/wp-json\/wp\/v2\/pages\/8264","targetHints":{"allow":["GET"]}}],"collection":[{"href":"https:\/\/web.sistemasfce.com.ar\/wordpress\/index.php\/wp-json\/wp\/v2\/pages"}],"about":[{"href":"https:\/\/web.sistemasfce.com.ar\/wordpress\/index.php\/wp-json\/wp\/v2\/types\/page"}],"author":[{"embeddable":true,"href":"https:\/\/web.sistemasfce.com.ar\/wordpress\/index.php\/wp-json\/wp\/v2\/users\/6"}],"replies":[{"embeddable":true,"href":"https:\/\/web.sistemasfce.com.ar\/wordpress\/index.php\/wp-json\/wp\/v2\/comments?post=8264"}],"version-history":[{"count":101,"href":"https:\/\/web.sistemasfce.com.ar\/wordpress\/index.php\/wp-json\/wp\/v2\/pages\/8264\/revisions"}],"predecessor-version":[{"id":15983,"href":"https:\/\/web.sistemasfce.com.ar\/wordpress\/index.php\/wp-json\/wp\/v2\/pages\/8264\/revisions\/15983"}],"up":[{"embeddable":true,"href":"https:\/\/web.sistemasfce.com.ar\/wordpress\/index.php\/wp-json\/wp\/v2\/pages\/8175"}],"wp:attachment":[{"href":"https:\/\/web.sistemasfce.com.ar\/wordpress\/index.php\/wp-json\/wp\/v2\/media?parent=8264"}],"curies":[{"name":"wp","href":"https:\/\/api.w.org\/{rel}","templated":true}]}}