{"id":289,"date":"2018-04-17T13:43:42","date_gmt":"2018-04-17T13:43:42","guid":{"rendered":"https:\/\/web.sistemasfce.com.ar\/wordpress\/?page_id=289"},"modified":"2022-09-14T19:45:46","modified_gmt":"2022-09-14T19:45:46","slug":"programa-educacion-sin-distancias","status":"publish","type":"page","link":"https:\/\/web.sistemasfce.com.ar\/wordpress\/index.php\/programa-educacion-sin-distancias\/","title":{"rendered":"Programa Educaci\u00f3n sin Distancias"},"content":{"rendered":"<div class=\"wpb-content-wrapper\"><div id=\"modal-ready\"><p>[vc_row][vc_column width=&#8221;1\/4&#8243;][vc_single_image image=&#8221;9904&#8243;][\/vc_column][vc_column width=&#8221;3\/4&#8243;][vc_column_text]<\/p>\n<p style=\"text-align: justify;\"><span style=\"color: #000000;\">Durante el ciclo acad\u00e9mico 2012, mediante Resoluci\u00f3n N\u00ba 767\/12 DFCE, se \u00a0avala el Programa de Educaci\u00f3n sin Distancias en el \u00e1mbito de la Secretar\u00eca Acad\u00e9mica de esta Facultad.<\/span><\/p>\n<p style=\"text-align: justify;\"><span style=\"color: #000000;\">Desde el marco que establece la \u00a0resoluci\u00f3n antes mencionada, se habilita este espacio para la socializaci\u00f3n de recursos multimediales, bibliograf\u00eca y otros materiales que puedan ser de utlidad para la tarea cotidiana de todos los docentes de la Facultad.<\/span><\/p>\n<p>[\/vc_column_text][\/vc_column][\/vc_row][vc_row][vc_column width=&#8221;2\/3&#8243;][vc_video link=&#8221;https:\/\/youtu.be\/yVBWHsW-VkA&#8221; title=&#8221;Aulas Virtuales&#8221;][\/vc_column][vc_column width=&#8221;1\/3&#8243;][vc_btn title=&#8221;Ver Recursos Disponibles del PEsD para Docentes&#8221; color=&#8221;blue&#8221; i_icon_fontawesome=&#8221;fas fa-chalkboard-teacher&#8221; add_icon=&#8221;true&#8221; link=&#8221;url:http%3A%2F%2Fweb.sistemasfce.com.ar%2Fwordpress%2Findex.php%2Facademica%2Fdocentes%2Fprograma-educacion-sin-distancias%2Frecursos-programa-educacion-sin-distancias%2F|title:Programa%20Educaci%C3%B3n%20sin%20Distancias%20Recursos%20para%20Docentes||&#8221;][vc_btn title=&#8221;Ver Recursos Disponibles del PEsD para Alumnos&#8221; color=&#8221;blue&#8221; i_icon_fontawesome=&#8221;fas fa-book-reader&#8221; add_icon=&#8221;true&#8221; link=&#8221;url:http%3A%2F%2Fweb.sistemasfce.com.ar%2Fwordpress%2Findex.php%2Facademica%2Fdocentes%2Fprograma-educacion-sin-distancias%2Frecursos-para-alumnos-programa-educacion-sin-distancias%2F|title:Programa%20Educaci%C3%B3n%20si%20Distancias%20Recursos%20para%20Alumnos||&#8221;][\/vc_column][\/vc_row][vc_row][vc_column][vc_single_image image=&#8221;11385&#8243; img_size=&#8221;large&#8221; onclick=&#8221;custom_link&#8221; img_link_target=&#8221;_blank&#8221; title=&#8221;Podcast: &#8220;Desafios TIC en las pr\u00e1cticas de ense\u00f1anzas&#8220;&#8221; link=&#8221;https:\/\/anchor.fm\/programaeducsindistancias&#8221;][vc_column_text]<\/p>\n<h2><span style=\"color: #000000;\">Recursos TIC para Facilitar la Ense\u00f1anza<\/span><\/h2>\n<p style=\"text-align: justify;\"><span style=\"color: #000000;\">Diariamente, los docentes\u00a0 elaboramos, revisamos, y buscamos recursos\u00a0 para ense\u00f1ar. Al dise\u00f1ar nuestras clases solemos pensar en si acompa\u00f1aremos las explicaciones con una presentaci\u00f3n visual, si utilizaremos alg\u00fan video, si prepararemos un documento de c\u00e1tedra o si ofreceremos un listado de ejercicios. Las nuevas tecnolog\u00edas, la proliferaci\u00f3n de diversos formatos a trav\u00e9s de los cuales circula la \u00a0informaci\u00f3n, ha multiplicado el uso y creaci\u00f3n de nuevos recursos para ense\u00f1ar y tambi\u00e9n para desarrollar y compartir actividades de extensi\u00f3n e investigaci\u00f3n.<\/span><\/p>\n<p style=\"text-align: justify;\"><span style=\"color: #000000;\">El prop\u00f3sito de estas minutas es ofrecer un abanico de posibilidades: aplicaciones, herramientas, recursos TIC que puedan ser de utilidad para\u00a0 quienes ense\u00f1an, investigan o realizan \u00a0tareas de extensi\u00f3n.<\/span><\/p>\n<p style=\"text-align: justify;\"><span style=\"color: #000000;\">Estos documentos\u00a0 adoptar\u00e1n\u00a0 distintos formatos: en algunos casos se describir\u00e1n herramientas para el desarrollo de videos,\u00a0 infograf\u00edas, documentos compartidos; en otros se abordar\u00e1n tem\u00e1ticas como por ejemplo las reglas de cortes\u00eda de internet, licencias Creative Commons (CC), etc.\u00a0 En ning\u00fan caso se pretender\u00e1 agotar\u00a0 o profundizar el desarrollo de los temas o herramientas.<\/span><\/p>\n<p>&nbsp;<\/p>\n<h2><strong>\u00a0<a href=\"http:\/\/campus.unla.edu.ar\/aulas-extendidas-o-ampliadas-como-y-para-que-usarlas\/\">\u00bfPor qu\u00e9 y para qu\u00e9 usar aulas virtuales?<\/a>\u00a0<\/strong><\/h2>\n<p>Clara Ingrassia y Adriana Gimenez, docentes de una universidad nacional hacen referencia a la experiencia que tienen en el uso de aulas virtuales como recurs para acompa\u00f1ar, enriquecer y potenciar los procesos de ense\u00f1anza y de aprendizajes.<\/p>\n<p>&nbsp;<\/p>\n<p style=\"text-align: justify;\"><span style=\"color: #000000;\">Los invitamos a leer las siguientes entregas:<\/span><\/p>\n<p>[\/vc_column_text][\/vc_column][\/vc_row][vc_row][vc_column width=&#8221;1\/3&#8243;]<div class=\"services-list \">\r\n                                    <div class=\"asvc-info-box asvc-info-box-style-2\">\r\n                                        <div class=\"asvc-info-box-top\"><span style=\"background-color:#ffffff;\"><i style=\"font-size:42px; color:#8224e3; \" class=\"fas fa-cloud-download-alt\"><\/i><\/span><h4 style=\"font-size:18px; color:;\" class=\"semi-title\">N\u00b0 1: Uso de videos en nuestras pr\u00e1cticas.<\/h4>\r\n                                        <\/div>\r\n                                    <div class=\"asvc-info-box-desc\"><p style=\"font-size:14px; color:;\"><a href=\"https:\/\/web.sistemasfce.com.ar\/wordpress\/wp-content\/uploads\/2020\/03\/N\u00b01-Recursos-TIC.pdf\">N\u00b01 Recursos TIC<\/a><\/p>                                               <\/div>\r\n                                    <\/div>\r\n                                <\/div><style>\r\n                        .asvc-info-box:hover .asvc-info-box-top span i {\r\n                            color:#1293d4 !important;\r\n                        }\r\n\r\n                    <\/style>[\/vc_column][vc_column width=&#8221;1\/3&#8243;]<div class=\"services-list \">\r\n                                    <div class=\"asvc-info-box asvc-info-box-\">\r\n                                        <div class=\"asvc-info-box-top\"><span style=\"background-color:#ffffff;\"><i style=\"font-size:42px; color:#8224e3; \" class=\"fas fa-cloud-download-alt\"><\/i><\/span><h4 style=\"font-size:18px; color:;\" class=\"semi-title\">N\u00b0 2: Aprendizaje Ubicuo-Aulas ampliadas<\/h4>\r\n                                        <\/div>\r\n                                    <div class=\"asvc-info-box-desc\"><p style=\"font-size:14px; color:;\"><a href=\"https:\/\/web.sistemasfce.com.ar\/wordpress\/wp-content\/uploads\/2020\/03\/N\u00b0-2-_Aprendizaje-Ubicuo-Aulas-extendidas.pdf\">N\u00b0 2 _Aprendizaje Ubicuo-Aulas extendidas<\/a><\/p>                                               <\/div>\r\n                                    <\/div>\r\n                                <\/div><style>\r\n                        .asvc-info-box:hover .asvc-info-box-top span i {\r\n                            color:#1293d4 !important;\r\n                        }\r\n\r\n                    <\/style>[\/vc_column][vc_column width=&#8221;1\/3&#8243;]<div class=\"services-list \">\r\n                                    <div class=\"asvc-info-box asvc-info-box-\">\r\n                                        <div class=\"asvc-info-box-top\"><span style=\"background-color:#ffffff;\"><i style=\"font-size:42px; color:#8224e3; \" class=\"fas fa-cloud-download-alt\"><\/i><\/span><h4 style=\"font-size:18px; color:;\" class=\"semi-title\">N\u00b0 3: Im\u00e1genes, iconos e infograf\u00edas<\/h4>\r\n                                        <\/div>\r\n                                    <div class=\"asvc-info-box-desc\"><p style=\"font-size:14px; color:;\"><a href=\"https:\/\/web.sistemasfce.com.ar\/wordpress\/wp-content\/uploads\/2020\/03\/N\u00b0-3_ESD_3.pdf\">N\u00b0 3_ESD_3<\/a><\/p>                                               <\/div>\r\n                                    <\/div>\r\n                                <\/div><style>\r\n                        .asvc-info-box:hover .asvc-info-box-top span i {\r\n                            color:#1293d4 !important;\r\n                        }\r\n\r\n                    <\/style>[\/vc_column][\/vc_row][vc_row][vc_column][vc_column_text]<\/p>\n<p><span style=\"color: #000000;\">Desde el Programa Educaci\u00f3n sin Distancias de la Facultad de Ciencias Econ\u00f3micas de la UNPSJB queremos comunicarles que, debido a las nuevas directivas tomadas por la UNPSJB mientras dure la emergencia sanitaria provocada por el coronavirus (Covid-19), estamos a disposici\u00f3n de los docentes de la FCE para brindarles soporte t\u00e9cnico o para responder cualquier inquietud que se les presente en la migraci\u00f3n de las actividades \u00e1ulicas al \u00e1mbito virtual.<\/span><\/p>\n<p><span style=\"color: #000000;\">Para tal fin, hemos creado un aula virtual denominada \u201cMigrando a la virtualidad\u201d, y all\u00ed est\u00e1n matriculados\u00a0 todos los docentes de la facultad.<\/span>[\/vc_column_text][\/vc_column][vc_column][vc_hoverbox image=&#8221;9936&#8243; primary_title=&#8221;. .&#8221; hover_title=&#8221;Migrando a la Virtualidad&#8221;]<a href=\"http:\/\/aulas.sistemasfce.com.ar\/moodle\/course\/view.php?id=533\">Espacio <span style=\"font-weight: 400;\">para brindarles soporte t\u00e9cnico o para responder cualquier inquietud que se presente en la migraci\u00f3n de las actividades \u00e1ulicas al \u00e1mbito virtual.<\/span><\/a><\/p>\n<p>[\/vc_hoverbox][vc_row_inner][vc_column_inner][vc_separator][\/vc_column_inner][\/vc_row_inner][\/vc_column][vc_column][\/vc_column][vc_column][vc_column_text]Algunos link de inter\u00e9s[\/vc_column_text][\/vc_column][\/vc_row][vc_row][vc_column width=&#8221;1\/3&#8243;]<div class=\"cq-cards-container top\" data-imageposition=\"top\" data-minheight=\"150\" data-smallheight=\"100\" data-backgroundcolor=\"#efefef\" data-captioncolor=\"\" data-autoplayspeed=\"4000\" data-buttonbg=\"\" data-buttonhoverbg=\"\" data-titlesize=\"\"><div class=\"card-image-container top\"><div class=\"card-image\"><div><a href=\"https:\/\/www.wdl.org\/es\/\" title=\"\" target=\"\"><img decoding=\"async\" src=\"https:\/\/web.sistemasfce.com.ar\/wordpress\/wp-content\/uploads\/2020\/03\/biblioteca-digital-mundial.png\" \/><\/a><\/div><\/div><\/div><div class=\"card-caption-container top\"><div class=\"caption-content\"><h3>Biblioteca Mundial<\/h3><\/div><\/div><\/div>[\/vc_column][vc_column width=&#8221;1\/3&#8243;]<div class=\"cq-cards-container top\" data-imageposition=\"top\" data-minheight=\"150\" data-smallheight=\"100\" data-backgroundcolor=\"#efefef\" data-captioncolor=\"\" data-autoplayspeed=\"4000\" data-buttonbg=\"\" data-buttonhoverbg=\"\" data-titlesize=\"\"><div class=\"card-image-container top\"><div class=\"card-image\"><div><a href=\"https:\/\/www.educ.ar\/recursos\/150653?from=150933\" title=\"\" target=\"\"><img decoding=\"async\" src=\"https:\/\/web.sistemasfce.com.ar\/wordpress\/wp-content\/uploads\/2020\/03\/educar.jpg\" \/><\/a><\/div><\/div><\/div><div class=\"card-caption-container top\"><div class=\"caption-content\"><h3>Recursos<\/h3><\/div><\/div><\/div>[\/vc_column][vc_column width=&#8221;1\/3&#8243;]<div class=\"cq-cards-container top\" data-imageposition=\"top\" data-minheight=\"150\" data-smallheight=\"100\" data-backgroundcolor=\"#efefef\" data-captioncolor=\"\" data-autoplayspeed=\"4000\" data-buttonbg=\"\" data-buttonhoverbg=\"\" data-titlesize=\"\"><div class=\"card-image-container top\"><div class=\"card-image\"><div><a href=\"https:\/\/www.educ.ar\/recursos\/150933\/orientaciones-para-docentes\" title=\"\" target=\"\"><img decoding=\"async\" src=\"https:\/\/web.sistemasfce.com.ar\/wordpress\/wp-content\/uploads\/2020\/03\/educardocentes.jpg\" \/><\/a><\/div><\/div><\/div><div class=\"card-caption-container top\"><div class=\"caption-content\"><h3>Orientacion para Docentes<\/h3><\/div><\/div><\/div>[\/vc_column][\/vc_row][vc_row][vc_column][\/vc_column][\/vc_row]<\/p>\n<\/div><\/div>","protected":false},"excerpt":{"rendered":"<p>[vc_row][vc_column width=&#8221;1\/4&#8243;][vc_single_image image=&#8221;9904&#8243;][\/vc_column][vc_column width=&#8221;3\/4&#8243;][vc_column_text] Durante el ciclo acad\u00e9mico 2012, mediante Resoluci\u00f3n N\u00ba 767\/12 DFCE, se &hellip; <\/p>\n","protected":false},"author":4,"featured_media":0,"parent":0,"menu_order":0,"comment_status":"closed","ping_status":"closed","template":"","meta":{"pmpro_default_level":"","footnotes":""},"class_list":["post-289","page","type-page","status-publish","hentry","pmpro-has-access"],"_links":{"self":[{"href":"https:\/\/web.sistemasfce.com.ar\/wordpress\/index.php\/wp-json\/wp\/v2\/pages\/289","targetHints":{"allow":["GET"]}}],"collection":[{"href":"https:\/\/web.sistemasfce.com.ar\/wordpress\/index.php\/wp-json\/wp\/v2\/pages"}],"about":[{"href":"https:\/\/web.sistemasfce.com.ar\/wordpress\/index.php\/wp-json\/wp\/v2\/types\/page"}],"author":[{"embeddable":true,"href":"https:\/\/web.sistemasfce.com.ar\/wordpress\/index.php\/wp-json\/wp\/v2\/users\/4"}],"replies":[{"embeddable":true,"href":"https:\/\/web.sistemasfce.com.ar\/wordpress\/index.php\/wp-json\/wp\/v2\/comments?post=289"}],"version-history":[{"count":34,"href":"https:\/\/web.sistemasfce.com.ar\/wordpress\/index.php\/wp-json\/wp\/v2\/pages\/289\/revisions"}],"predecessor-version":[{"id":11386,"href":"https:\/\/web.sistemasfce.com.ar\/wordpress\/index.php\/wp-json\/wp\/v2\/pages\/289\/revisions\/11386"}],"wp:attachment":[{"href":"https:\/\/web.sistemasfce.com.ar\/wordpress\/index.php\/wp-json\/wp\/v2\/media?parent=289"}],"curies":[{"name":"wp","href":"https:\/\/api.w.org\/{rel}","templated":true}]}}